{"id":2,"date":"2024-06-03T21:09:14","date_gmt":"2024-06-03T21:09:14","guid":{"rendered":"https:\/\/lesjardinspartages.be\/?page_id=2"},"modified":"2024-06-11T20:45:38","modified_gmt":"2024-06-11T20:45:38","slug":"sample-page","status":"publish","type":"page","link":"https:\/\/lesjardinspartages.be\/","title":{"rendered":"Accueil"},"content":{"rendered":"<p>[et_pb_section fb_built=\u00a0\u00bb1&Prime; admin_label=\u00a0\u00bbHeader\u00a0\u00bb _builder_version=\u00a0\u00bb4.24.2&Prime; _module_preset=\u00a0\u00bbdefault\u00a0\u00bb custom_padding=\u00a0\u00bb||0px||false|false\u00a0\u00bb collapsed=\u00a0\u00bbon\u00a0\u00bb global_colors_info=\u00a0\u00bb{}\u00a0\u00bb][et_pb_row _builder_version=\u00a0\u00bb4.25.0&Prime; _module_preset=\u00a0\u00bbdefault\u00a0\u00bb max_width=\u00a0\u00bbnone\u00a0\u00bb global_colors_info=\u00a0\u00bb{}\u00a0\u00bb][et_pb_column type=\u00a0\u00bb4_4&Prime; _builder_version=\u00a0\u00bb4.24.2&Prime; _module_preset=\u00a0\u00bbdefault\u00a0\u00bb global_colors_info=\u00a0\u00bb{}\u00a0\u00bb][et_pb_image src=\u00a0\u00bbhttps:\/\/lesjardinspartages.be\/wp-content\/uploads\/2024\/06\/les-jardins-partages-fleurs.png\u00a0\u00bb title_text=\u00a0\u00bbles jardins partag\u00e9s fleurs\u00a0\u00bb _builder_version=\u00a0\u00bb4.25.1&Prime; _module_preset=\u00a0\u00bbdefault\u00a0\u00bb max_width=\u00a0\u00bb300px\u00a0\u00bb module_alignment=\u00a0\u00bbcenter\u00a0\u00bb global_colors_info=\u00a0\u00bb{}\u00a0\u00bb][\/et_pb_image][et_pb_text _builder_version=\u00a0\u00bb4.25.1&Prime; _module_preset=\u00a0\u00bbcf3cac86-e721-4434-b6c1-9560f880b5f4&Prime; header_text_color=\u00a0\u00bbgcid-0a70bcaa-1736-40e0-9723-4fb88b8b6694&Prime; header_font_size=\u00a0\u00bb6vw\u00a0\u00bb text_orientation=\u00a0\u00bbcenter\u00a0\u00bb custom_margin=\u00a0\u00bb||10px||false|false\u00a0\u00bb header_font_size_tablet=\u00a0\u00bb8vw\u00a0\u00bb header_font_size_phone=\u00a0\u00bb8vw\u00a0\u00bb header_font_size_last_edited=\u00a0\u00bbon|desktop\u00a0\u00bb global_colors_info=\u00a0\u00bb{%22gcid-0a70bcaa-1736-40e0-9723-4fb88b8b6694%22:%91%22header_text_color%22%93}\u00a0\u00bb]<\/p>\n<h1>Les Jardins Partag\u00e9s<\/h1>\n<p>[\/et_pb_text][et_pb_text _builder_version=\u00a0\u00bb4.25.1&Prime; _module_preset=\u00a0\u00bb7c6aada3-27d5-4e72-9a2c-d43cb3317491&Prime; text_orientation=\u00a0\u00bbcenter\u00a0\u00bb max_width=\u00a0\u00bb800px\u00a0\u00bb module_alignment=\u00a0\u00bbcenter\u00a0\u00bb global_colors_info=\u00a0\u00bb{}\u00a0\u00bb]<\/p>\n<h2 style=\"text-align: center;\"><strong>Le site de notre Eco-lieu au centre de Tertre<\/strong><\/h2>\n<p>[\/et_pb_text][\/et_pb_column][\/et_pb_row][et_pb_row _builder_version=\u00a0\u00bb4.24.2&Prime; _module_preset=\u00a0\u00bbdefault\u00a0\u00bb width=\u00a0\u00bb100%\u00a0\u00bb max_width=\u00a0\u00bb2000px\u00a0\u00bb custom_padding=\u00a0\u00bb||0px||false|false\u00a0\u00bb global_colors_info=\u00a0\u00bb{}\u00a0\u00bb][et_pb_column type=\u00a0\u00bb4_4&Prime; _builder_version=\u00a0\u00bb4.24.2&Prime; _module_preset=\u00a0\u00bbdefault\u00a0\u00bb global_colors_info=\u00a0\u00bb{}\u00a0\u00bb][et_pb_image src=\u00a0\u00bbhttps:\/\/lesjardinspartages.be\/wp-content\/uploads\/2024\/06\/organic-farming-illustrations-03.jpg\u00a0\u00bb title_text=\u00a0\u00bborganic-farming-illustrations-03&Prime; force_fullwidth=\u00a0\u00bbon\u00a0\u00bb _builder_version=\u00a0\u00bb4.25.0&Prime; _module_preset=\u00a0\u00bbdefault\u00a0\u00bb global_colors_info=\u00a0\u00bb{}\u00a0\u00bb][\/et_pb_image][\/et_pb_column][\/et_pb_row][\/et_pb_section][et_pb_section fb_built=\u00a0\u00bb1&Prime; admin_label=\u00a0\u00bbProducts\u00a0\u00bb _builder_version=\u00a0\u00bb4.24.2&Prime; _module_preset=\u00a0\u00bbdefault\u00a0\u00bb background_color=\u00a0\u00bbgcid-0a70bcaa-1736-40e0-9723-4fb88b8b6694&Prime; custom_padding=\u00a0\u00bb0px||||false|false\u00a0\u00bb box_shadow_style=\u00a0\u00bbpreset7&Prime; box_shadow_horizontal=\u00a0\u00bb0px\u00a0\u00bb box_shadow_vertical=\u00a0\u00bb-150px\u00a0\u00bb box_shadow_color=\u00a0\u00bb#FFFFFF\u00a0\u00bb collapsed=\u00a0\u00bbon\u00a0\u00bb global_colors_info=\u00a0\u00bb{%22gcid-0a70bcaa-1736-40e0-9723-4fb88b8b6694%22:%91%22background_color%22,%22background_color_gradient_stops%22%93}\u00a0\u00bb][et_pb_row column_structure=\u00a0\u00bb2_3,1_3&Prime; make_equal=\u00a0\u00bbon\u00a0\u00bb _builder_version=\u00a0\u00bb4.24.2&Prime; _module_preset=\u00a0\u00bbdefault\u00a0\u00bb custom_padding=\u00a0\u00bb60px||120px||false|false\u00a0\u00bb global_colors_info=\u00a0\u00bb{}\u00a0\u00bb][et_pb_column type=\u00a0\u00bb2_3&Prime; _builder_version=\u00a0\u00bb4.23.2&Prime; _module_preset=\u00a0\u00bbdefault\u00a0\u00bb global_colors_info=\u00a0\u00bb{}\u00a0\u00bb][et_pb_text _builder_version=\u00a0\u00bb4.25.1&Prime; _module_preset=\u00a0\u00bb3fc0d793-7ba7-492b-af13-f14d16f6f5dd\u00a0\u00bb header_2_text_color=\u00a0\u00bb#FFFFFF\u00a0\u00bb custom_margin=\u00a0\u00bb||10px||false|false\u00a0\u00bb global_colors_info=\u00a0\u00bb{}\u00a0\u00bb]<\/p>\n<h2>Bienvenue,<\/h2>\n<p>[\/et_pb_text][et_pb_text _builder_version=\u00a0\u00bb4.25.1&Prime; _module_preset=\u00a0\u00bb7c6aada3-27d5-4e72-9a2c-d43cb3317491&Prime; text_text_color=\u00a0\u00bb#FFFFFF\u00a0\u00bb global_colors_info=\u00a0\u00bb{}\u00a0\u00bb]<\/p>\n<p style=\"text-align: justify;\">Les Jardins Partag\u00e9s, l\u2019\u00e9co-centre au c\u0153ur de la ville Tertre.<\/p>\n<p style=\"text-align: justify;\">Un v\u00e9ritable havre de paix et de d\u00e9tente ouvert au public et accessible \u00e0 tous. Venez nous rendre visite et profiter de loisirs gravitant autour de la nature, de l&rsquo;\u00e9cologie et de la biodiversit\u00e9.<br \/>Les Jardins partag\u00e9s se veulent \u00eatre le th\u00e9\u00e2tre d\u2019ateliers p\u00e9dagogiques, d&rsquo;\u00e9v\u00e8nements et de festivit\u00e9s locales en vue de sensibiliser la population aux probl\u00e8mes environnementaux et aux solutions qui existent.<\/p>\n<p style=\"text-align: justify;\">La permaculture au potager vous int\u00e9resse ? l\u2019id\u00e9e d\u2019un jardin \u00e9co responsable vous tient \u00e0 c\u0153ur ? Envie de vous d\u00e9tendre dans un cadre verdoyant ? Alors venez nous rejoindre \u2026<\/p>\n<p>[\/et_pb_text][\/et_pb_column][et_pb_column type=\u00a0\u00bb1_3&Prime; _builder_version=\u00a0\u00bb4.23.2&Prime; _module_preset=\u00a0\u00bbdefault\u00a0\u00bb global_colors_info=\u00a0\u00bb{}\u00a0\u00bb][et_pb_image src=\u00a0\u00bbhttps:\/\/lesjardinspartages.be\/wp-content\/uploads\/2024\/06\/0-fe2f4b39-f9a9-47fa-9b1b-8aa5d5b8d455-800&#215;800.jpg\u00a0\u00bb _builder_version=\u00a0\u00bb4.25.1&Prime; _module_preset=\u00a0\u00bbdefault\u00a0\u00bb title_text=\u00a0\u00bb0-fe2f4b39-f9a9-47fa-9b1b-8aa5d5b8d455-800&#215;800&Prime; hover_enabled=\u00a0\u00bb0&Prime; sticky_enabled=\u00a0\u00bb0&Prime;][\/et_pb_image][\/et_pb_column][\/et_pb_row][et_pb_row column_structure=\u00a0\u00bb1_3,1_3,1_3&Prime; _builder_version=\u00a0\u00bb4.25.0&Prime; _module_preset=\u00a0\u00bbdefault\u00a0\u00bb custom_margin=\u00a0\u00bb-100px||||false|false\u00a0\u00bb global_colors_info=\u00a0\u00bb{}\u00a0\u00bb][et_pb_column type=\u00a0\u00bb1_3&Prime; _builder_version=\u00a0\u00bb4.25.0&Prime; _module_preset=\u00a0\u00bbdefault\u00a0\u00bb use_background_color_gradient=\u00a0\u00bbon\u00a0\u00bb background_color_gradient_stops=\u00a0\u00bbrgba(255,255,255,0) 0%|rgba(0,0,0,0.6) 80%\u00a0\u00bb background_color_gradient_overlays_image=\u00a0\u00bbon\u00a0\u00bb background_image=\u00a0\u00bbhttps:\/\/lesjardinspartages.be\/wp-content\/uploads\/2024\/06\/organic-farming-01.jpg\u00a0\u00bb custom_padding=\u00a0\u00bb30%|30px|30px|30px|false|true\u00a0\u00bb global_colors_info=\u00a0\u00bb{}\u00a0\u00bb][\/et_pb_column][et_pb_column type=\u00a0\u00bb1_3&Prime; _builder_version=\u00a0\u00bb4.24.2&Prime; _module_preset=\u00a0\u00bbdefault\u00a0\u00bb use_background_color_gradient=\u00a0\u00bbon\u00a0\u00bb background_color_gradient_stops=\u00a0\u00bbrgba(255,255,255,0) 0%|rgba(0,0,0,0.6) 80%\u00a0\u00bb background_color_gradient_overlays_image=\u00a0\u00bbon\u00a0\u00bb background_image=\u00a0\u00bbhttps:\/\/lesjardinspartages.be\/wp-content\/uploads\/2024\/06\/organic-farming-02.jpg\u00a0\u00bb custom_padding=\u00a0\u00bb30%|30px|30px|30px|false|true\u00a0\u00bb global_colors_info=\u00a0\u00bb{}\u00a0\u00bb][\/et_pb_column][et_pb_column type=\u00a0\u00bb1_3&Prime; _builder_version=\u00a0\u00bb4.24.2&Prime; _module_preset=\u00a0\u00bbdefault\u00a0\u00bb use_background_color_gradient=\u00a0\u00bbon\u00a0\u00bb background_color_gradient_stops=\u00a0\u00bbrgba(255,255,255,0) 0%|rgba(0,0,0,0.6) 80%\u00a0\u00bb background_color_gradient_overlays_image=\u00a0\u00bbon\u00a0\u00bb background_image=\u00a0\u00bbhttps:\/\/lesjardinspartages.be\/wp-content\/uploads\/2024\/06\/organic-farming-03.jpg\u00a0\u00bb custom_padding=\u00a0\u00bb30%|30px|30px|30px|false|true\u00a0\u00bb global_colors_info=\u00a0\u00bb{}\u00a0\u00bb][\/et_pb_column][\/et_pb_row][\/et_pb_section][et_pb_section fb_built=\u00a0\u00bb1&Prime; admin_label=\u00a0\u00bbAbout\u00a0\u00bb module_id=\u00a0\u00bbphilosophie\u00a0\u00bb _builder_version=\u00a0\u00bb4.25.1&Prime; _module_preset=\u00a0\u00bbdefault\u00a0\u00bb collapsed=\u00a0\u00bbon\u00a0\u00bb global_colors_info=\u00a0\u00bb{}\u00a0\u00bb][et_pb_row column_structure=\u00a0\u00bb1_2,1_2&Prime; _builder_version=\u00a0\u00bb4.24.2&Prime; _module_preset=\u00a0\u00bbdefault\u00a0\u00bb global_colors_info=\u00a0\u00bb{}\u00a0\u00bb][et_pb_column type=\u00a0\u00bb1_2&Prime; _builder_version=\u00a0\u00bb4.24.2&Prime; _module_preset=\u00a0\u00bbdefault\u00a0\u00bb custom_padding=\u00a0\u00bb10%||10%||true|false\u00a0\u00bb custom_padding_tablet=\u00a0\u00bb0%||0%||true|false\u00a0\u00bb custom_padding_phone=\u00a0\u00bb0%||0%||true|false\u00a0\u00bb custom_padding_last_edited=\u00a0\u00bbon|desktop\u00a0\u00bb global_colors_info=\u00a0\u00bb{}\u00a0\u00bb][et_pb_image src=\u00a0\u00bbhttps:\/\/lesjardinspartages.be\/wp-content\/uploads\/2024\/06\/organic-farming-illustrations-04.png\u00a0\u00bb title_text=\u00a0\u00bborganic-farming-illustrations-04&Prime; _builder_version=\u00a0\u00bb4.25.0&Prime; _module_preset=\u00a0\u00bbdefault\u00a0\u00bb transform_translate=\u00a0\u00bb-110%|0px\u00a0\u00bb transform_translate_linked=\u00a0\u00bboff\u00a0\u00bb positioning=\u00a0\u00bbabsolute\u00a0\u00bb width=\u00a0\u00bb30%\u00a0\u00bb global_colors_info=\u00a0\u00bb{}\u00a0\u00bb][\/et_pb_image][et_pb_text _builder_version=\u00a0\u00bb4.25.1&Prime; _module_preset=\u00a0\u00bbb41385e2-8b11-4e0c-b337-512d2e2c5909&Prime; header_4_text_color=\u00a0\u00bbgcid-0a70bcaa-1736-40e0-9723-4fb88b8b6694&Prime; header_4_font_size=\u00a0\u00bb28px\u00a0\u00bb header_4_font_size_tablet=\u00a0\u00bb20px\u00a0\u00bb header_4_font_size_phone=\u00a0\u00bb13px\u00a0\u00bb header_4_font_size_last_edited=\u00a0\u00bbon|desktop\u00a0\u00bb global_colors_info=\u00a0\u00bb{%22gcid-c515c2e5-3fd0-4426-90da-e434a88a980d%22:%91%22text_text_color%22,%22text_text_color%22%93,%22gcid-0a70bcaa-1736-40e0-9723-4fb88b8b6694%22:%91%22header_4_text_color%22%93}\u00a0\u00bb]<\/p>\n<h4>La Philosophie<\/h4>\n<p>[\/et_pb_text][et_pb_text _builder_version=\u00a0\u00bb4.25.1&Prime; _module_preset=\u00a0\u00bb3fc0d793-7ba7-492b-af13-f14d16f6f5dd\u00a0\u00bb header_font_size=\u00a0\u00bb12px\u00a0\u00bb header_2_font_size=\u00a0\u00bb48px\u00a0\u00bb custom_margin=\u00a0\u00bb||10px||false|false\u00a0\u00bb global_colors_info=\u00a0\u00bb{}\u00a0\u00bb]<\/p>\n<h2>des Jardins Partag\u00e9s<\/h2>\n<p>[\/et_pb_text][et_pb_text _builder_version=\u00a0\u00bb4.25.1&Prime; _module_preset=\u00a0\u00bb7c6aada3-27d5-4e72-9a2c-d43cb3317491&Prime; global_colors_info=\u00a0\u00bb{}\u00a0\u00bb]<\/p>\n<p style=\"text-align: justify;\"><span style=\"font-weight: 400;\">N\u00e9 d\u2019une d\u00e9marche citoyenne, Les Jardins Partag\u00e9s tirent un sombre constat :<\/span><\/p>\n<p style=\"text-align: justify;\"><span style=\"font-weight: 400;\">Les crises que nous traversons et la soci\u00e9t\u00e9 actuelle nous \u00e9loignent des choses primordiales de la vie. Le contact avec la faune et la flore, le respect de la nature, les liens sociaux sont autant de points qui se font de plus en plus rares.<\/span><\/p>\n<p style=\"text-align: justify;\">\n<p style=\"text-align: justify;\"><span style=\"font-weight: 400;\">Il \u00e9tait temps pour nous de r\u00e9agir, de faire notre part pour am\u00e9liorer cela.<\/span><span style=\"font-weight: 400;\"><\/span><\/p>\n<p style=\"text-align: justify;\"><span style=\"font-weight: 400;\">Ce projet collectif qui permet \u00e0 chacun de retrouver un \u201cnid douillet , un cadre verdoyant o\u00f9 l\u2019aspect communautaire, le respect et le partage nous permettront de nous ressourcer.<\/span><\/p>\n<p>[\/et_pb_text][\/et_pb_column][et_pb_column type=\u00a0\u00bb1_2&Prime; _builder_version=\u00a0\u00bb4.23.2&Prime; _module_preset=\u00a0\u00bbdefault\u00a0\u00bb global_colors_info=\u00a0\u00bb{}\u00a0\u00bb][et_pb_image src=\u00a0\u00bbhttps:\/\/lesjardinspartages.be\/wp-content\/uploads\/2024\/06\/organic-farming-04.jpg\u00a0\u00bb title_text=\u00a0\u00bborganic-farming-04&Prime; _builder_version=\u00a0\u00bb4.24.2&Prime; _module_preset=\u00a0\u00bbdefault\u00a0\u00bb global_colors_info=\u00a0\u00bb{}\u00a0\u00bb][\/et_pb_image][et_pb_image src=\u00a0\u00bbhttps:\/\/lesjardinspartages.be\/wp-content\/uploads\/2024\/06\/organic-farming-illustrations-05.png\u00a0\u00bb title_text=\u00a0\u00bborganic-farming-illustrations-05&Prime; align=\u00a0\u00bbright\u00a0\u00bb _builder_version=\u00a0\u00bb4.24.2&Prime; _module_preset=\u00a0\u00bbdefault\u00a0\u00bb transform_translate=\u00a0\u00bb-20%|0px\u00a0\u00bb transform_translate_linked=\u00a0\u00bboff\u00a0\u00bb positioning=\u00a0\u00bbabsolute\u00a0\u00bb position_origin_a=\u00a0\u00bbbottom_left\u00a0\u00bb width=\u00a0\u00bb45%\u00a0\u00bb locked=\u00a0\u00bboff\u00a0\u00bb global_colors_info=\u00a0\u00bb{}\u00a0\u00bb][\/et_pb_image][\/et_pb_column][\/et_pb_row][\/et_pb_section][et_pb_section fb_built=\u00a0\u00bb1&Prime; _builder_version=\u00a0\u00bb4.25.0&Prime; _module_preset=\u00a0\u00bbdefault\u00a0\u00bb background_color=\u00a0\u00bb#f2f2f2&Prime; global_colors_info=\u00a0\u00bb{}\u00a0\u00bb][et_pb_row column_structure=\u00a0\u00bb1_2,1_2&Prime; _builder_version=\u00a0\u00bb4.23.2&Prime; _module_preset=\u00a0\u00bbdefault\u00a0\u00bb global_colors_info=\u00a0\u00bb{}\u00a0\u00bb][et_pb_column type=\u00a0\u00bb1_2&Prime; _builder_version=\u00a0\u00bb4.23.2&Prime; _module_preset=\u00a0\u00bbdefault\u00a0\u00bb custom_padding=\u00a0\u00bb20px|20px|20px|20px|true|true\u00a0\u00bb border_width_all=\u00a0\u00bb2px\u00a0\u00bb border_color_all=\u00a0\u00bb#000000&Prime; global_colors_info=\u00a0\u00bb{}\u00a0\u00bb][et_pb_image src=\u00a0\u00bbhttps:\/\/lesjardinspartages.be\/wp-content\/uploads\/2024\/06\/organic-farming-icon-01-1.png\u00a0\u00bb title_text=\u00a0\u00bborganic-farming-icon-01-1&Prime; _builder_version=\u00a0\u00bb4.24.2&Prime; _module_preset=\u00a0\u00bbdefault\u00a0\u00bb max_width=\u00a0\u00bb64px\u00a0\u00bb max_height=\u00a0\u00bb64px\u00a0\u00bb custom_margin=\u00a0\u00bb||20px||false|false\u00a0\u00bb global_colors_info=\u00a0\u00bb{}\u00a0\u00bb][\/et_pb_image][et_pb_text _builder_version=\u00a0\u00bb4.25.1&Prime; _module_preset=\u00a0\u00bb827cec03-6ed2-4a87-86a4-f288898d4c69&Prime; custom_margin=\u00a0\u00bb||0px||false|false\u00a0\u00bb global_colors_info=\u00a0\u00bb{}\u00a0\u00bb]<\/p>\n<h5>Un projet \u00e9co-responsable<\/h5>\n<p>[\/et_pb_text][et_pb_text _builder_version=\u00a0\u00bb4.25.1&Prime; _module_preset=\u00a0\u00bb1dc45057-3c5a-4ab5-977d-1897da2972fe\u00a0\u00bb global_colors_info=\u00a0\u00bb{}\u00a0\u00bb]<\/p>\n<p>L\u2019int\u00e9gralit\u00e9 de notre jardin est travaill\u00e9 dans le respect de la terre et de la biodiversit\u00e9.<\/p>\n<p>[\/et_pb_text][\/et_pb_column][et_pb_column type=\u00a0\u00bb1_2&Prime; _builder_version=\u00a0\u00bb4.23.2&Prime; _module_preset=\u00a0\u00bbdefault\u00a0\u00bb custom_padding=\u00a0\u00bb20px|20px|20px|20px|true|true\u00a0\u00bb border_width_all=\u00a0\u00bb2px\u00a0\u00bb border_color_all=\u00a0\u00bb#000000&Prime; global_colors_info=\u00a0\u00bb{}\u00a0\u00bb][et_pb_image src=\u00a0\u00bbhttps:\/\/lesjardinspartages.be\/wp-content\/uploads\/2024\/06\/organic-farming-icon-02-1.png\u00a0\u00bb title_text=\u00a0\u00bborganic-farming-icon-02-1&Prime; _builder_version=\u00a0\u00bb4.24.2&Prime; _module_preset=\u00a0\u00bbdefault\u00a0\u00bb max_width=\u00a0\u00bb64px\u00a0\u00bb max_height=\u00a0\u00bb64px\u00a0\u00bb custom_margin=\u00a0\u00bb||20px||false|false\u00a0\u00bb global_colors_info=\u00a0\u00bb{}\u00a0\u00bb][\/et_pb_image][et_pb_text _builder_version=\u00a0\u00bb4.25.1&Prime; _module_preset=\u00a0\u00bb827cec03-6ed2-4a87-86a4-f288898d4c69&Prime; custom_margin=\u00a0\u00bb||0px||false|false\u00a0\u00bb global_colors_info=\u00a0\u00bb{}\u00a0\u00bb]<\/p>\n<h5>De tous niveaux<\/h5>\n<p>[\/et_pb_text][et_pb_text _builder_version=\u00a0\u00bb4.25.1&Prime; _module_preset=\u00a0\u00bb1dc45057-3c5a-4ab5-977d-1897da2972fe\u00a0\u00bb global_colors_info=\u00a0\u00bb{}\u00a0\u00bb]<\/p>\n<p>Nos jardiniers ne sont pas tous exp\u00e9riment\u00e9s. Certains d\u00e9butent, mais tous partagent le d\u00e9sir de travailler la terre de mani\u00e8re naturelle.<\/p>\n<p>[\/et_pb_text][\/et_pb_column][\/et_pb_row][et_pb_row column_structure=\u00a0\u00bb1_2,1_2&Prime; _builder_version=\u00a0\u00bb4.23.2&Prime; _module_preset=\u00a0\u00bbdefault\u00a0\u00bb global_colors_info=\u00a0\u00bb{}\u00a0\u00bb][et_pb_column type=\u00a0\u00bb1_2&Prime; _builder_version=\u00a0\u00bb4.23.2&Prime; _module_preset=\u00a0\u00bbdefault\u00a0\u00bb custom_padding=\u00a0\u00bb20px|20px|20px|20px|true|true\u00a0\u00bb border_width_all=\u00a0\u00bb2px\u00a0\u00bb border_color_all=\u00a0\u00bb#000000&Prime; global_colors_info=\u00a0\u00bb{}\u00a0\u00bb][et_pb_image src=\u00a0\u00bbhttps:\/\/lesjardinspartages.be\/wp-content\/uploads\/2024\/06\/organic-farming-icon-03-1.png\u00a0\u00bb title_text=\u00a0\u00bborganic-farming-icon-03-1&Prime; _builder_version=\u00a0\u00bb4.24.2&Prime; _module_preset=\u00a0\u00bbdefault\u00a0\u00bb max_width=\u00a0\u00bb64px\u00a0\u00bb max_height=\u00a0\u00bb64px\u00a0\u00bb custom_margin=\u00a0\u00bb||20px||false|false\u00a0\u00bb global_colors_info=\u00a0\u00bb{}\u00a0\u00bb][\/et_pb_image][et_pb_text _builder_version=\u00a0\u00bb4.25.1&Prime; _module_preset=\u00a0\u00bb827cec03-6ed2-4a87-86a4-f288898d4c69&Prime; custom_margin=\u00a0\u00bb||0px||false|false\u00a0\u00bb global_colors_info=\u00a0\u00bb{}\u00a0\u00bb]<\/p>\n<h5><b>Le respect<\/b><\/h5>\n<p>[\/et_pb_text][et_pb_text _builder_version=\u00a0\u00bb4.25.1&Prime; _module_preset=\u00a0\u00bb1dc45057-3c5a-4ab5-977d-1897da2972fe\u00a0\u00bb global_colors_info=\u00a0\u00bb{}\u00a0\u00bb]<\/p>\n<p style=\"text-align: justify;\">Nous respectons la terre, l\u2019eau, la faune, la flore et notre prochain. Une valeur primordiale pour une soci\u00e9t\u00e9 p\u00e9renne<\/p>\n<p>[\/et_pb_text][\/et_pb_column][et_pb_column type=\u00a0\u00bb1_2&Prime; _builder_version=\u00a0\u00bb4.23.2&Prime; _module_preset=\u00a0\u00bbdefault\u00a0\u00bb custom_padding=\u00a0\u00bb20px|20px|20px|20px|true|true\u00a0\u00bb border_width_all=\u00a0\u00bb2px\u00a0\u00bb border_color_all=\u00a0\u00bb#000000&Prime; global_colors_info=\u00a0\u00bb{}\u00a0\u00bb][et_pb_image src=\u00a0\u00bbhttps:\/\/lesjardinspartages.be\/wp-content\/uploads\/2024\/06\/organic-farming-icon-04-1.png\u00a0\u00bb title_text=\u00a0\u00bborganic-farming-icon-04-1&Prime; _builder_version=\u00a0\u00bb4.24.2&Prime; _module_preset=\u00a0\u00bbdefault\u00a0\u00bb max_width=\u00a0\u00bb64px\u00a0\u00bb max_height=\u00a0\u00bb64px\u00a0\u00bb custom_margin=\u00a0\u00bb||20px||false|false\u00a0\u00bb global_colors_info=\u00a0\u00bb{}\u00a0\u00bb][\/et_pb_image][et_pb_text _builder_version=\u00a0\u00bb4.25.1&Prime; _module_preset=\u00a0\u00bb827cec03-6ed2-4a87-86a4-f288898d4c69&Prime; custom_margin=\u00a0\u00bb||0px||false|false\u00a0\u00bb global_colors_info=\u00a0\u00bb{}\u00a0\u00bb]<\/p>\n<h5>Des \u00e9conomies<\/h5>\n<p>[\/et_pb_text][et_pb_text _builder_version=\u00a0\u00bb4.25.1&Prime; _module_preset=\u00a0\u00bb1dc45057-3c5a-4ab5-977d-1897da2972fe\u00a0\u00bb global_colors_info=\u00a0\u00bb{}\u00a0\u00bb]<\/p>\n<p>Que ce soit via le compostage collectif, ou le stockage des \u00e9nergies disponibles \u2026 Il existe des moyens de faire des \u00e9conomies.<\/p>\n<p>[\/et_pb_text][\/et_pb_column][\/et_pb_row][et_pb_row column_structure=\u00a0\u00bb1_2,1_2&Prime; _builder_version=\u00a0\u00bb4.23.2&Prime; _module_preset=\u00a0\u00bbdefault\u00a0\u00bb global_colors_info=\u00a0\u00bb{}\u00a0\u00bb][et_pb_column type=\u00a0\u00bb1_2&Prime; _builder_version=\u00a0\u00bb4.23.2&Prime; _module_preset=\u00a0\u00bbdefault\u00a0\u00bb custom_padding=\u00a0\u00bb20px|20px|20px|20px|true|true\u00a0\u00bb border_width_all=\u00a0\u00bb2px\u00a0\u00bb border_color_all=\u00a0\u00bb#000000&Prime; global_colors_info=\u00a0\u00bb{}\u00a0\u00bb][et_pb_image src=\u00a0\u00bbhttps:\/\/lesjardinspartages.be\/wp-content\/uploads\/2024\/06\/organic-farming-icon-03-1.png\u00a0\u00bb title_text=\u00a0\u00bborganic-farming-icon-03-1&Prime; _builder_version=\u00a0\u00bb4.24.2&Prime; _module_preset=\u00a0\u00bbdefault\u00a0\u00bb max_width=\u00a0\u00bb64px\u00a0\u00bb max_height=\u00a0\u00bb64px\u00a0\u00bb custom_margin=\u00a0\u00bb||20px||false|false\u00a0\u00bb global_colors_info=\u00a0\u00bb{}\u00a0\u00bb][\/et_pb_image][et_pb_text _builder_version=\u00a0\u00bb4.25.1&Prime; _module_preset=\u00a0\u00bb827cec03-6ed2-4a87-86a4-f288898d4c69&Prime; custom_margin=\u00a0\u00bb||0px||false|false\u00a0\u00bb global_colors_info=\u00a0\u00bb{}\u00a0\u00bb]<\/p>\n<h5><b>Le partage avant tout<\/b><\/h5>\n<p>[\/et_pb_text][et_pb_text _builder_version=\u00a0\u00bb4.25.1&Prime; _module_preset=\u00a0\u00bb1dc45057-3c5a-4ab5-977d-1897da2972fe\u00a0\u00bb global_colors_info=\u00a0\u00bb{}\u00a0\u00bb]<\/p>\n<p style=\"text-align: justify;\"><span style=\"font-weight: 400;\">Ce projet met en avant l\u2019entraide et le partage. Que ce soit le savoir-faire, les graines, plantes \u2026 Ensemble nous pouvons atteindre nos objectifs individuels et collectifs<\/span><\/p>\n<p>[\/et_pb_text][\/et_pb_column][et_pb_column type=\u00a0\u00bb1_2&Prime; _builder_version=\u00a0\u00bb4.23.2&Prime; _module_preset=\u00a0\u00bbdefault\u00a0\u00bb custom_padding=\u00a0\u00bb20px|20px|20px|20px|true|true\u00a0\u00bb border_width_all=\u00a0\u00bb2px\u00a0\u00bb border_color_all=\u00a0\u00bb#000000&Prime; global_colors_info=\u00a0\u00bb{}\u00a0\u00bb][et_pb_image src=\u00a0\u00bbhttps:\/\/lesjardinspartages.be\/wp-content\/uploads\/2024\/06\/organic-farming-icon-01-1.png\u00a0\u00bb title_text=\u00a0\u00bborganic-farming-icon-01-1&Prime; _builder_version=\u00a0\u00bb4.25.1&Prime; _module_preset=\u00a0\u00bbdefault\u00a0\u00bb max_width=\u00a0\u00bb64px\u00a0\u00bb max_height=\u00a0\u00bb64px\u00a0\u00bb custom_margin=\u00a0\u00bb||20px||false|false\u00a0\u00bb global_colors_info=\u00a0\u00bb{}\u00a0\u00bb][\/et_pb_image][et_pb_text _builder_version=\u00a0\u00bb4.25.1&Prime; _module_preset=\u00a0\u00bb827cec03-6ed2-4a87-86a4-f288898d4c69&Prime; custom_margin=\u00a0\u00bb||0px||false|false\u00a0\u00bb global_colors_info=\u00a0\u00bb{}\u00a0\u00bb]<\/p>\n<h5>Comme un colibri<\/h5>\n<p>[\/et_pb_text][et_pb_text _builder_version=\u00a0\u00bb4.25.1&Prime; _module_preset=\u00a0\u00bb1dc45057-3c5a-4ab5-977d-1897da2972fe\u00a0\u00bb global_colors_info=\u00a0\u00bb{}\u00a0\u00bb]<\/p>\n<p style=\"text-align: justify;\">Si chacun fait sa part \u2026 c\u2019est le monde qui y gagne.<br \/>Crise \u00e9conomique, guerres, crise climatique \u2026 il n\u2019y a qu&rsquo; ensemble que nous parviendrons \u00e0 surmonter les cons\u00e9quences \u00e0 venir. <\/p>\n<p>[\/et_pb_text][\/et_pb_column][\/et_pb_row][\/et_pb_section][et_pb_section fb_built=\u00a0\u00bb1&Prime; module_id=\u00a0\u00bbobjectifs\u00a0\u00bb _builder_version=\u00a0\u00bb4.25.1&Prime; _module_preset=\u00a0\u00bbdefault\u00a0\u00bb custom_padding=\u00a0\u00bb||0px|||\u00a0\u00bb global_colors_info=\u00a0\u00bb{}\u00a0\u00bb][et_pb_row column_structure=\u00a0\u00bb3_5,2_5&Prime; _builder_version=\u00a0\u00bb4.24.2&Prime; _module_preset=\u00a0\u00bbdefault\u00a0\u00bb global_colors_info=\u00a0\u00bb{}\u00a0\u00bb][et_pb_column type=\u00a0\u00bb3_5&Prime; _builder_version=\u00a0\u00bb4.24.2&Prime; _module_preset=\u00a0\u00bbdefault\u00a0\u00bb custom_padding=\u00a0\u00bb10%||10%||true|false\u00a0\u00bb custom_padding_tablet=\u00a0\u00bb0%||0%||true|false\u00a0\u00bb custom_padding_phone=\u00a0\u00bb0%||0%||true|false\u00a0\u00bb custom_padding_last_edited=\u00a0\u00bbon|desktop\u00a0\u00bb global_colors_info=\u00a0\u00bb{}\u00a0\u00bb][et_pb_text _builder_version=\u00a0\u00bb4.25.1&Prime; _module_preset=\u00a0\u00bbb41385e2-8b11-4e0c-b337-512d2e2c5909&Prime; header_4_text_color=\u00a0\u00bbgcid-0a70bcaa-1736-40e0-9723-4fb88b8b6694&Prime; header_4_font_size=\u00a0\u00bb28px\u00a0\u00bb header_4_font_size_tablet=\u00a0\u00bb20px\u00a0\u00bb header_4_font_size_phone=\u00a0\u00bb13px\u00a0\u00bb header_4_font_size_last_edited=\u00a0\u00bbon|desktop\u00a0\u00bb global_colors_info=\u00a0\u00bb{%22gcid-c515c2e5-3fd0-4426-90da-e434a88a980d%22:%91%22text_text_color%22,%22text_text_color%22%93,%22gcid-0a70bcaa-1736-40e0-9723-4fb88b8b6694%22:%91%22header_4_text_color%22%93}\u00a0\u00bb]<\/p>\n<h4>Nos objectifs<\/h4>\n<p>[\/et_pb_text][et_pb_text _builder_version=\u00a0\u00bb4.25.1&Prime; _module_preset=\u00a0\u00bb7c6aada3-27d5-4e72-9a2c-d43cb3317491&Prime; ul_line_height=\u00a0\u00bb1.9em\u00a0\u00bb global_colors_info=\u00a0\u00bb{}\u00a0\u00bb]<\/p>\n<ul>\n<li style=\"text-align: justify;\">Promouvoir l&rsquo;\u00e9cologie et la permaculture : Agrader la terre (\u2260 d\u00e9grader), respecter le sol, l\u2019humain et la biodiversit\u00e9 en suivant les principes de la permaculture et du bon sens.<\/li>\n<li style=\"text-align: justify;\">Renforcer le lien social, favoriser les \u00e9changes, l\u2019entraide, le dialogue non violent et la convivialit\u00e9\u2026. si importants dans le d\u00e9veloppement de chacun d\u2019entre nous.<\/li>\n<li style=\"text-align: justify;\">Sensibiliser \u00e0 la nature, \u00e0 la biodiversit\u00e9, \u00e0 l\u2019\u00e9conomie de l\u2019eau, au recyclage des d\u00e9chets \u2026 Permettre de d\u00e9couvrir des techniques de culture naturelle, de gestion des d\u00e9chets et d&rsquo;\u00e9nergies \u00e9co-responsables et donc comment r\u00e9aliser de r\u00e9elles \u00e9conomies.<\/li>\n<li style=\"text-align: justify;\">Offrir \u00e0 tous un nouvel espace de loisirs et de d\u00e9tente. Un \u00e9co-lieu o\u00f9 chacun est libre de venir fl\u00e2ner, apprendre et partager.<\/li>\n<li style=\"text-align: justify;\">Contribuer \u00e0 enrichir le cadre de vie de notre commune (un terrain priv\u00e9 et ferm\u00e9, laiss\u00e9 \u00e0 l\u2019abandon et jonch\u00e9 de d\u00e9tritus est transform\u00e9 en un \u00e9co lieu p\u00e9dagogique ouvert \u00e0 tous, un nouvel espace de loisir).<\/li>\n<li style=\"text-align: justify;\">D\u00e9velopper un p\u00f4le \u00e9cologique en vue de la cr\u00e9ation d\u2019\u00e9v\u00e8nements rythmant la vie locale (F\u00eates de quartiers, ateliers ou mini-conf\u00e9rence en permaculture, pique-niques, \u00e9v\u00e8nements en collaboration avec des associations de l\u2019entit\u00e9 \u2026)<\/li>\n<\/ul>\n<p>Pour y parvenir, toutes nos action ont leur importance :<\/p>\n<ul>\n<li style=\"text-align: justify;\">Un lieu de compostage ouverts aux citoyens<\/li>\n<li style=\"text-align: justify;\">Un lieu de d\u00e9tente public<\/li>\n<li style=\"text-align: justify;\">Des ateliers p\u00e9dagogiques<\/li>\n<li style=\"text-align: justify;\">Le jardin pour tous (un potager adapt\u00e9 aux personnes \u00e0 mobilit\u00e9 r\u00e9duite), les toilettes s\u00e8ches, les collaborations avec des associations de la r\u00e9gion<\/li>\n<\/ul>\n<p>Toute nouvelle id\u00e9e peut nous aider, n\u2019h\u00e9sitez pas \u00e0 nous la partager !\u00a0<\/p>\n<p>[\/et_pb_text][\/et_pb_column][et_pb_column type=\u00a0\u00bb2_5&Prime; _builder_version=\u00a0\u00bb4.23.2&Prime; _module_preset=\u00a0\u00bbdefault\u00a0\u00bb global_colors_info=\u00a0\u00bb{}\u00a0\u00bb][et_pb_image src=\u00a0\u00bbhttps:\/\/lesjardinspartages.be\/wp-content\/uploads\/2024\/06\/organic-farming-04.jpg\u00a0\u00bb title_text=\u00a0\u00bborganic-farming-04&Prime; _builder_version=\u00a0\u00bb4.24.2&Prime; _module_preset=\u00a0\u00bbdefault\u00a0\u00bb global_colors_info=\u00a0\u00bb{}\u00a0\u00bb][\/et_pb_image][et_pb_image src=\u00a0\u00bbhttps:\/\/lesjardinspartages.be\/wp-content\/uploads\/2024\/06\/objectif-jardins-partages-tertre.png\u00a0\u00bb title_text=\u00a0\u00bbobjectif jardins partages tertre\u00a0\u00bb _builder_version=\u00a0\u00bb4.25.1&Prime; _module_preset=\u00a0\u00bbdefault\u00a0\u00bb global_colors_info=\u00a0\u00bb{}\u00a0\u00bb][\/et_pb_image][\/et_pb_column][\/et_pb_row][\/et_pb_section][et_pb_section fb_built=\u00a0\u00bb1&Prime; _builder_version=\u00a0\u00bb4.24.2&Prime; _module_preset=\u00a0\u00bbdefault\u00a0\u00bb custom_padding=\u00a0\u00bb0px|||||\u00a0\u00bb global_colors_info=\u00a0\u00bb{}\u00a0\u00bb][et_pb_row _builder_version=\u00a0\u00bb4.24.2&Prime; _module_preset=\u00a0\u00bbdefault\u00a0\u00bb max_width=\u00a0\u00bb800px\u00a0\u00bb global_colors_info=\u00a0\u00bb{}\u00a0\u00bb][et_pb_column type=\u00a0\u00bb4_4&Prime; _builder_version=\u00a0\u00bb4.24.2&Prime; _module_preset=\u00a0\u00bbdefault\u00a0\u00bb global_colors_info=\u00a0\u00bb{}\u00a0\u00bb][et_pb_text _builder_version=\u00a0\u00bb4.24.2&Prime; _module_preset=\u00a0\u00bb3fc0d793-7ba7-492b-af13-f14d16f6f5dd\u00a0\u00bb text_orientation=\u00a0\u00bbcenter\u00a0\u00bb global_colors_info=\u00a0\u00bb{}\u00a0\u00bb]<\/p>\n<h2>Cro\u00eetre avec passion et d\u00e9vouement<\/h2>\n<p>[\/et_pb_text][\/et_pb_column][\/et_pb_row][et_pb_row column_structure=\u00a0\u00bb3_5,2_5&Prime; _builder_version=\u00a0\u00bb4.25.1&Prime; _module_preset=\u00a0\u00bbdefault\u00a0\u00bb global_colors_info=\u00a0\u00bb{}\u00a0\u00bb][et_pb_column type=\u00a0\u00bb3_5&Prime; _builder_version=\u00a0\u00bb4.25.1&Prime; _module_preset=\u00a0\u00bbdefault\u00a0\u00bb custom_padding=\u00a0\u00bb0px||0px||true|false\u00a0\u00bb custom_padding_tablet=\u00a0\u00bb0%||0%||true|false\u00a0\u00bb custom_padding_phone=\u00a0\u00bb0%||0%||true|false\u00a0\u00bb custom_padding_last_edited=\u00a0\u00bbon|desktop\u00a0\u00bb global_colors_info=\u00a0\u00bb{}\u00a0\u00bb][et_pb_text _builder_version=\u00a0\u00bb4.25.1&Prime; _module_preset=\u00a0\u00bb7c6aada3-27d5-4e72-9a2c-d43cb3317491&Prime; ul_line_height=\u00a0\u00bb1.9em\u00a0\u00bb global_colors_info=\u00a0\u00bb{}\u00a0\u00bb]<\/p>\n<p style=\"text-align: justify;\"><span style=\"font-weight: 400;\">Nos jardins sont ouverts au public.\u00a0<\/span><\/p>\n<p style=\"text-align: justify;\"><span style=\"font-weight: 400;\">Venez passer avec nous votre \u201ctemps de midi\u201d, vous d\u00e9tendre apr\u00e8s une journ\u00e9e de boulot ou vous d\u00e9connecter du stress durant le week-end\u2026 L\u2019espace d\u00e9tente am\u00e9nag\u00e9 permet \u00e0 tous de d\u00e9compresser dans un lieu calme et verdoyant.\u00a0<\/span><\/p>\n<p style=\"text-align: justify;\"><span style=\"font-weight: 400;\">Des chaises, des transats, table, parasol, barbecue permettront d\u2019appr\u00e9cier ce moment de qui\u00e9tude en pleine nature.<\/span><\/p>\n<p style=\"text-align: justify;\"><span style=\"font-weight: 400;\">Cet espace est\u00a0 un atout important pour appr\u00e9cier la dolce vita, cr\u00e9er des liens et \u00e9changer. Le jardin reste un lieu parfait pour engager une conversation autour des plantes, fleurs et animaux qui y vivent \u2026 et qui sait ? susciter des vocations ?\u00a0<\/span><\/p>\n<p style=\"text-align: justify;\"><span style=\"font-weight: 400;\">Il vous sera demand\u00e9 de garder vos animaux en laisse et de respecter la qui\u00e9tude du jardin pour le bien de tous.\u00a0<\/span><\/p>\n<p>[\/et_pb_text][\/et_pb_column][et_pb_column type=\u00a0\u00bb2_5&Prime; _builder_version=\u00a0\u00bb4.23.2&Prime; _module_preset=\u00a0\u00bbdefault\u00a0\u00bb global_colors_info=\u00a0\u00bb{}\u00a0\u00bb][et_pb_image src=\u00a0\u00bbhttps:\/\/lesjardinspartages.be\/wp-content\/uploads\/2024\/06\/detente-jardins-partages-tertre.png\u00a0\u00bb title_text=\u00a0\u00bbd\u00e9tente jardins partages tertre\u00a0\u00bb _builder_version=\u00a0\u00bb4.25.1&Prime; _module_preset=\u00a0\u00bbdefault\u00a0\u00bb global_colors_info=\u00a0\u00bb{}\u00a0\u00bb][\/et_pb_image][\/et_pb_column][\/et_pb_row][et_pb_row _builder_version=\u00a0\u00bb4.24.2&Prime; _module_preset=\u00a0\u00bbdefault\u00a0\u00bb width=\u00a0\u00bb100%\u00a0\u00bb max_width=\u00a0\u00bbnone\u00a0\u00bb locked=\u00a0\u00bboff\u00a0\u00bb global_colors_info=\u00a0\u00bb{}\u00a0\u00bb][et_pb_column type=\u00a0\u00bb4_4&Prime; _builder_version=\u00a0\u00bb4.24.2&Prime; _module_preset=\u00a0\u00bbdefault\u00a0\u00bb global_colors_info=\u00a0\u00bb{}\u00a0\u00bb][et_pb_image src=\u00a0\u00bbhttps:\/\/lesjardinspartages.be\/wp-content\/uploads\/2024\/06\/organic-farming-illustrations-01.jpg\u00a0\u00bb title_text=\u00a0\u00bborganic-farming-illustrations-01&Prime; force_fullwidth=\u00a0\u00bbon\u00a0\u00bb _builder_version=\u00a0\u00bb4.24.2&Prime; _module_preset=\u00a0\u00bbdefault\u00a0\u00bb global_colors_info=\u00a0\u00bb{}\u00a0\u00bb][\/et_pb_image][\/et_pb_column][\/et_pb_row][et_pb_row column_structure=\u00a0\u00bb1_2,1_2&Prime; _builder_version=\u00a0\u00bb4.25.1&Prime; _module_preset=\u00a0\u00bbdefault\u00a0\u00bb global_colors_info=\u00a0\u00bb{}\u00a0\u00bb][et_pb_column type=\u00a0\u00bb1_2&Prime; _builder_version=\u00a0\u00bb4.25.1&Prime; _module_preset=\u00a0\u00bbdefault\u00a0\u00bb background_color=\u00a0\u00bb#13991e\u00a0\u00bb custom_padding=\u00a0\u00bb30px|30px|30px|30px|true|true\u00a0\u00bb custom_padding_tablet=\u00a0\u00bb30px|30px|30px|30px|true|true\u00a0\u00bb custom_padding_phone=\u00a0\u00bb20px|20px|20px|20px|true|true\u00a0\u00bb custom_padding_last_edited=\u00a0\u00bbon|desktop\u00a0\u00bb global_colors_info=\u00a0\u00bb{}\u00a0\u00bb][et_pb_text quote_border_color=\u00a0\u00bb#f2ad00&Prime; _builder_version=\u00a0\u00bb4.25.1&Prime; _module_preset=\u00a0\u00bb827cec03-6ed2-4a87-86a4-f288898d4c69&Prime; text_text_color=\u00a0\u00bb#FFFFFF\u00a0\u00bb quote_font=\u00a0\u00bb||||||||\u00a0\u00bb quote_text_color=\u00a0\u00bb#FFFFFF\u00a0\u00bb quote_font_size=\u00a0\u00bb18px\u00a0\u00bb header_5_text_color=\u00a0\u00bb#FFFFFF\u00a0\u00bb global_colors_info=\u00a0\u00bb{}\u00a0\u00bb]<\/p>\n<blockquote>\n<p><span style=\"font-weight: 400;\">C&rsquo;est dans les utopies d&rsquo;aujourd&rsquo;hui que sont les solutions de demain<\/span><\/p>\n<\/blockquote>\n<p><b><i>Pierre Rabhi<\/i><\/b><\/p>\n<p>[\/et_pb_text][\/et_pb_column][et_pb_column type=\u00a0\u00bb1_2&Prime; _builder_version=\u00a0\u00bb4.24.2&Prime; _module_preset=\u00a0\u00bbdefault\u00a0\u00bb background_color=\u00a0\u00bbgcid-0a70bcaa-1736-40e0-9723-4fb88b8b6694&Prime; custom_padding=\u00a0\u00bb30px|30px|30px|30px|true|true\u00a0\u00bb custom_padding_tablet=\u00a0\u00bb30px|30px|30px|30px|true|true\u00a0\u00bb custom_padding_phone=\u00a0\u00bb20px|20px|20px|20px|true|true\u00a0\u00bb custom_padding_last_edited=\u00a0\u00bbon|desktop\u00a0\u00bb global_colors_info=\u00a0\u00bb{%22gcid-0a70bcaa-1736-40e0-9723-4fb88b8b6694%22:%91%22background_color%22%93}\u00a0\u00bb][et_pb_text quote_border_color=\u00a0\u00bb#f2ad00&Prime; _builder_version=\u00a0\u00bb4.25.1&Prime; _module_preset=\u00a0\u00bb827cec03-6ed2-4a87-86a4-f288898d4c69&Prime; text_text_color=\u00a0\u00bb#FFFFFF\u00a0\u00bb quote_font=\u00a0\u00bb||||||||\u00a0\u00bb quote_text_color=\u00a0\u00bb#FFFFFF\u00a0\u00bb quote_font_size=\u00a0\u00bb18px\u00a0\u00bb header_5_text_color=\u00a0\u00bb#FFFFFF\u00a0\u00bb global_colors_info=\u00a0\u00bb{}\u00a0\u00bb]<\/p>\n<blockquote>\n<p><span style=\"font-weight: 400;\">Actuellement, l\u2019homme m\u00e8ne une guerre contre la nature. S&rsquo;il gagne, il est perdu<\/span><\/p>\n<\/blockquote>\n<p><b><i>Hubert Reeves<\/i><\/b><\/p>\n<p>[\/et_pb_text][\/et_pb_column][\/et_pb_row][\/et_pb_section][et_pb_section fb_built=\u00a0\u00bb1&Prime; admin_label=\u00a0\u00bbProducts\u00a0\u00bb module_id=\u00a0\u00bbcompostez\u00a0\u00bb _builder_version=\u00a0\u00bb4.25.1&Prime; _module_preset=\u00a0\u00bbdefault\u00a0\u00bb background_color=\u00a0\u00bbgcid-0a70bcaa-1736-40e0-9723-4fb88b8b6694&Prime; custom_padding=\u00a0\u00bb0px||||false|false\u00a0\u00bb box_shadow_style=\u00a0\u00bbpreset7&Prime; box_shadow_horizontal=\u00a0\u00bb0px\u00a0\u00bb box_shadow_vertical=\u00a0\u00bb-150px\u00a0\u00bb box_shadow_color=\u00a0\u00bb#FFFFFF\u00a0\u00bb locked=\u00a0\u00bboff\u00a0\u00bb collapsed=\u00a0\u00bbon\u00a0\u00bb global_colors_info=\u00a0\u00bb{%22gcid-0a70bcaa-1736-40e0-9723-4fb88b8b6694%22:%91%22background_color%22,%22background_color_gradient_stops%22%93}\u00a0\u00bb][et_pb_row column_structure=\u00a0\u00bb2_3,1_3&Prime; make_equal=\u00a0\u00bbon\u00a0\u00bb _builder_version=\u00a0\u00bb4.24.2&Prime; _module_preset=\u00a0\u00bbdefault\u00a0\u00bb custom_padding=\u00a0\u00bb60px||120px||false|false\u00a0\u00bb global_colors_info=\u00a0\u00bb{}\u00a0\u00bb][et_pb_column type=\u00a0\u00bb2_3&Prime; _builder_version=\u00a0\u00bb4.23.2&Prime; _module_preset=\u00a0\u00bbdefault\u00a0\u00bb global_colors_info=\u00a0\u00bb{}\u00a0\u00bb][et_pb_text _builder_version=\u00a0\u00bb4.25.1&Prime; _module_preset=\u00a0\u00bb3fc0d793-7ba7-492b-af13-f14d16f6f5dd\u00a0\u00bb header_2_text_color=\u00a0\u00bb#FFFFFF\u00a0\u00bb custom_margin=\u00a0\u00bb||10px||false|false\u00a0\u00bb global_colors_info=\u00a0\u00bb{}\u00a0\u00bb]<\/p>\n<h2>Compostez avec nous !<\/h2>\n<p>[\/et_pb_text][et_pb_text _builder_version=\u00a0\u00bb4.25.1&Prime; _module_preset=\u00a0\u00bb7c6aada3-27d5-4e72-9a2c-d43cb3317491&Prime; text_text_color=\u00a0\u00bb#FFFFFF\u00a0\u00bb global_colors_info=\u00a0\u00bb{}\u00a0\u00bb]<\/p>\n<p style=\"text-align: justify;\">Le compostage est utilis\u00e9 par l\u2019homme depuis des mill\u00e9naires. Une des premi\u00e8res r\u00e9f\u00e9rences \u00e0 l&rsquo;utilisation du compost en agriculture remonte \u00e0 des tablettes d&rsquo;argile grav\u00e9es de l&rsquo;\u200bEmpire Acadien en M\u00e9sopotamie\u200b, mille ans avant Mo\u00efse\u200b ! Les Romains \u200ben connaissaient la technique, les Grecs et les tribus d&rsquo;Isra\u00ebl en parlent. Les Chinois ont appliqu\u00e9 les principes du compostage de tout temps\u2026<\/p>\n<p style=\"text-align: justify;\">Le compost est un m\u00e9lange de mati\u00e8res organiques en d\u00e9composition. Un savant \u00e9quilibre d\u2019azote et de carbone. En for\u00eat, une plante d\u00e9p\u00e9rit, meurt et retourne \u00e0 la terre en se d\u00e9composant sur place. Le sol se r\u00e9g\u00e9n\u00e8re ainsi, gr\u00e2ce \u00e0 tous les d\u00e9bris v\u00e9g\u00e9taux devenant de l\u2019humus.<\/p>\n<p>[\/et_pb_text][\/et_pb_column][et_pb_column type=\u00a0\u00bb1_3&Prime; _builder_version=\u00a0\u00bb4.23.2&Prime; _module_preset=\u00a0\u00bbdefault\u00a0\u00bb global_colors_info=\u00a0\u00bb{}\u00a0\u00bb][et_pb_image src=\u00a0\u00bbhttps:\/\/lesjardinspartages.be\/wp-content\/uploads\/2024\/06\/high-angle-hand-holding-trowel-scaled.jpg\u00a0\u00bb title_text=\u00a0\u00bbhigh-angle-hand-holding-trowel\u00a0\u00bb _builder_version=\u00a0\u00bb4.25.1&Prime; _module_preset=\u00a0\u00bbdefault\u00a0\u00bb global_colors_info=\u00a0\u00bb{}\u00a0\u00bb][\/et_pb_image][\/et_pb_column][\/et_pb_row][et_pb_row column_structure=\u00a0\u00bb1_2,1_2&Prime; _builder_version=\u00a0\u00bb4.25.1&Prime; _module_preset=\u00a0\u00bbdefault\u00a0\u00bb custom_margin=\u00a0\u00bb-100px||||false|false\u00a0\u00bb global_colors_info=\u00a0\u00bb{}\u00a0\u00bb][et_pb_column type=\u00a0\u00bb1_2&Prime; _builder_version=\u00a0\u00bb4.25.1&Prime; _module_preset=\u00a0\u00bbdefault\u00a0\u00bb background_image=\u00a0\u00bbhttps:\/\/lesjardinspartages.be\/wp-content\/uploads\/2024\/06\/6861255.jpg\u00a0\u00bb background_size=\u00a0\u00bbcontain\u00a0\u00bb custom_padding=\u00a0\u00bb30%|30px|30px|30px|false|true\u00a0\u00bb global_colors_info=\u00a0\u00bb{}\u00a0\u00bb][\/et_pb_column][et_pb_column type=\u00a0\u00bb1_2&Prime; _builder_version=\u00a0\u00bb4.25.1&Prime; _module_preset=\u00a0\u00bbdefault\u00a0\u00bb background_image=\u00a0\u00bbhttps:\/\/lesjardinspartages.be\/wp-content\/uploads\/2024\/06\/composition-compost-made-rotten-food-scaled.jpg\u00a0\u00bb custom_padding=\u00a0\u00bb30%|30px|30px|30px|false|true\u00a0\u00bb global_colors_info=\u00a0\u00bb{}\u00a0\u00bb][\/et_pb_column][\/et_pb_row][\/et_pb_section][et_pb_section fb_built=\u00a0\u00bb1&Prime; _builder_version=\u00a0\u00bb4.25.1&Prime; _module_preset=\u00a0\u00bbdefault\u00a0\u00bb custom_padding=\u00a0\u00bb||0px|||\u00a0\u00bb locked=\u00a0\u00bboff\u00a0\u00bb global_colors_info=\u00a0\u00bb{}\u00a0\u00bb][et_pb_row column_structure=\u00a0\u00bb3_5,2_5&Prime; _builder_version=\u00a0\u00bb4.25.1&Prime; _module_preset=\u00a0\u00bbdefault\u00a0\u00bb global_colors_info=\u00a0\u00bb{}\u00a0\u00bb][et_pb_column type=\u00a0\u00bb3_5&Prime; _builder_version=\u00a0\u00bb4.25.1&Prime; _module_preset=\u00a0\u00bbdefault\u00a0\u00bb custom_padding=\u00a0\u00bb0px||0px||true|false\u00a0\u00bb custom_padding_tablet=\u00a0\u00bb0%||0%||true|false\u00a0\u00bb custom_padding_phone=\u00a0\u00bb0%||0%||true|false\u00a0\u00bb custom_padding_last_edited=\u00a0\u00bbon|desktop\u00a0\u00bb global_colors_info=\u00a0\u00bb{}\u00a0\u00bb][et_pb_text _builder_version=\u00a0\u00bb4.25.1&Prime; _module_preset=\u00a0\u00bbb41385e2-8b11-4e0c-b337-512d2e2c5909&Prime; header_4_text_color=\u00a0\u00bbgcid-0a70bcaa-1736-40e0-9723-4fb88b8b6694&Prime; header_4_font_size=\u00a0\u00bb28px\u00a0\u00bb header_4_font_size_tablet=\u00a0\u00bb20px\u00a0\u00bb header_4_font_size_phone=\u00a0\u00bb13px\u00a0\u00bb header_4_font_size_last_edited=\u00a0\u00bbon|desktop\u00a0\u00bb global_colors_info=\u00a0\u00bb{%22gcid-c515c2e5-3fd0-4426-90da-e434a88a980d%22:%91%22text_text_color%22,%22text_text_color%22%93,%22gcid-0a70bcaa-1736-40e0-9723-4fb88b8b6694%22:%91%22header_4_text_color%22%93}\u00a0\u00bb]<\/p>\n<h4><b>Alors, pourquoi pas nous ??? <\/b><b>Ensemble, nous pouvons le faire !<\/b><\/h4>\n<p>[\/et_pb_text][et_pb_text _builder_version=\u00a0\u00bb4.25.1&Prime; _module_preset=\u00a0\u00bb7c6aada3-27d5-4e72-9a2c-d43cb3317491&Prime; ul_line_height=\u00a0\u00bb1.9em\u00a0\u00bb global_colors_info=\u00a0\u00bb{}\u00a0\u00bb]<\/p>\n<p style=\"text-align: justify;\"><span style=\"font-weight: 400;\">Une zone de compostage citoyenne est accessible \u00e0 l\u2019entr\u00e9e du jardin.\u00a0<\/span><\/p>\n<p style=\"text-align: justify;\"><span style=\"font-weight: 400;\">Vous \u00eates tous les bienvenus pour y d\u00e9poser vos d\u00e9chets organiques compostables et ainsi participer \u00e0 l\u2019am\u00e9lioration du sol de notre jardin. Venez d\u00e9poser vos d\u00e9chets verts (Tontes de pelouse, tailles de haies, broyats v\u00e9g\u00e9taux mais pas de r\u00e9sineux) au lieu de faire la file au centre de recyclage. <\/span><b>Vous pourrez donc r\u00e9aliser de r\u00e9elles \u00e9conomies de temps et d\u2019argent<\/b><span style=\"font-weight: 400;\">, tout en faisant un geste pour l\u2019environnement.<\/span><\/p>\n<p><b>Afin que notre action soit viable, jouez le jeu : respectez les d\u00e9chets compostables.<\/b><\/p>\n<p><span style=\"font-weight: 400;\">(N\u2019h\u00e9sitez pas \u00e0 interpeller un jardinier pr\u00e9sent si vous d\u00e9sirez des explications plus pr\u00e9cises)<\/span><\/p>\n<p>&nbsp;<\/p>\n<p>[\/et_pb_text][\/et_pb_column][et_pb_column type=\u00a0\u00bb2_5&Prime; _builder_version=\u00a0\u00bb4.23.2&Prime; _module_preset=\u00a0\u00bbdefault\u00a0\u00bb global_colors_info=\u00a0\u00bb{}\u00a0\u00bb][et_pb_image src=\u00a0\u00bbhttps:\/\/lesjardinspartages.be\/wp-content\/uploads\/2024\/06\/compost-les-jardins-partages.png\u00a0\u00bb title_text=\u00a0\u00bbcompost les jardins partages\u00a0\u00bb _builder_version=\u00a0\u00bb4.25.1&Prime; _module_preset=\u00a0\u00bbdefault\u00a0\u00bb global_colors_info=\u00a0\u00bb{}\u00a0\u00bb][\/et_pb_image][\/et_pb_column][\/et_pb_row][et_pb_row column_structure=\u00a0\u00bb3_5,2_5&Prime; _builder_version=\u00a0\u00bb4.25.1&Prime; _module_preset=\u00a0\u00bbdefault\u00a0\u00bb global_colors_info=\u00a0\u00bb{}\u00a0\u00bb][et_pb_column type=\u00a0\u00bb3_5&Prime; _builder_version=\u00a0\u00bb4.25.1&Prime; _module_preset=\u00a0\u00bbdefault\u00a0\u00bb custom_padding=\u00a0\u00bb0px||0px||true|false\u00a0\u00bb custom_padding_tablet=\u00a0\u00bb0%||0%||true|false\u00a0\u00bb custom_padding_phone=\u00a0\u00bb0%||0%||true|false\u00a0\u00bb custom_padding_last_edited=\u00a0\u00bbon|desktop\u00a0\u00bb global_colors_info=\u00a0\u00bb{}\u00a0\u00bb][et_pb_text _builder_version=\u00a0\u00bb4.25.1&Prime; _module_preset=\u00a0\u00bb7c6aada3-27d5-4e72-9a2c-d43cb3317491&Prime; ul_line_height=\u00a0\u00bb1.9em\u00a0\u00bb global_colors_info=\u00a0\u00bb{}\u00a0\u00bb]<\/p>\n<h2 style=\"text-align: justify;\"><b>\ud83d\ude00Composter les mati\u00e8res vertes, molles et humides = Azote<\/b><\/h2>\n<ul style=\"text-align: justify;\">\n<li style=\"font-weight: 400;\" aria-level=\"1\"><b>\u00c9pluchures et d\u00e9chets de fruits et l\u00e9gumes<\/b><span style=\"font-weight: 400;\">.\u00a0<\/span><\/li>\n<li style=\"font-weight: 400;\" aria-level=\"1\"><b>Marc de caf\u00e9 avec le filtre en papier<\/b><span style=\"font-weight: 400;\">. Les pads en papier peuvent \u00e9galement \u00eatre mis au compost. On les d\u00e9chire d\u2019abord, afin de permettre une d\u00e9composition plus facile.<\/span><\/li>\n<li style=\"font-weight: 400;\" aria-level=\"1\"><b>Sachets et feuilles de th\u00e9<\/b><span style=\"font-weight: 400;\">. Sauf les sachets en mati\u00e8re synth\u00e9tique\u00a0<\/span><\/li>\n<li style=\"font-weight: 400;\" aria-level=\"1\"><b>Fleurs fan\u00e9es<\/b><\/li>\n<li style=\"font-weight: 400;\" aria-level=\"1\"><b>Tontes de gazon<\/b><span style=\"font-weight: 400;\">. <\/span><span style=\"font-weight: 400;\">Elles sont toutefois difficiles \u00e0 composter. Veuillez les d\u00e9poser dans le bac r\u00e9serv\u00e9 aux tontes\u00a0<\/span><\/li>\n<li style=\"font-weight: 400;\" aria-level=\"1\"><b>V\u00e9g\u00e9taux frais (feuilles, plantes de jardin, mousse v\u00e9g\u00e9tale, mauvaises herbes etc.)<\/b><span style=\"font-weight: 400;\">. Si vous apportez ces mati\u00e8res en grandes quantit\u00e9, d\u00e9posez les dans le bac r\u00e9serv\u00e9 aux tontes<\/span><\/li>\n<li style=\"font-weight: 400;\" aria-level=\"1\"><b>R\u00e9sidus de r\u00e9colte du potager<\/b><span style=\"font-weight: 400;\"> (trognons, fanes, pieds fan\u00e9s, \u00e9claircies&#8230;).<\/span><\/li>\n<li style=\"font-weight: 400;\" aria-level=\"1\"><b>Fientes de volailles<\/b><\/li>\n<\/ul>\n<h2 style=\"text-align: justify;\"><b>\ud83d\ude00Composter les mati\u00e8res brunes, dures et s\u00e8ches = Carbone<\/b><\/h2>\n<ul style=\"text-align: justify;\">\n<li style=\"font-weight: 400;\" aria-level=\"1\"><b>Papiers, cartons et tissus cellulosiques<\/b><span style=\"font-weight: 400;\">. Par exemple les mouchoirs en papier, essuie-tout, feuilles de papier journal o\u00f9 on a \u00e9pluch\u00e9 des l\u00e9gumes, etc. <\/span><span style=\"font-weight: 400;\">On \u00e9vite toutes les parties color\u00e9es qui peuvent contenir des m\u00e9taux lourds.<\/span><\/li>\n<li style=\"font-weight: 400;\" aria-level=\"1\"><b>Bois de taille et broussailles<\/b><span style=\"font-weight: 400;\">. Ils ne se d\u00e9composent bien qu&rsquo;apr\u00e8s broyage ou s&rsquo;ils sont coup\u00e9s finement.\u00a0<\/span><\/li>\n<li style=\"font-weight: 400;\" aria-level=\"1\"><b>Copeaux et frisures de bois<\/b><span style=\"font-weight: 400;\">. En petites quantit\u00e9s uniquement. On proscrit les bois trait\u00e9s ou peints.<\/span><\/li>\n<li style=\"font-weight: 400;\" aria-level=\"1\"><b>Paille\u00a0<\/b><\/li>\n<li style=\"font-weight: 400;\" aria-level=\"1\"><b>Fleurs fan\u00e9es s\u00e8ches, foin<\/b><\/li>\n<li style=\"font-weight: 400;\" aria-level=\"1\"><b>Tiges et feuilles s\u00e8ches<\/b><\/li>\n<li style=\"font-weight: 400;\" aria-level=\"1\"><b>Liti\u00e8res de petits animaux herbivores<\/b><span style=\"font-weight: 400;\"> : lapin, cobaye, etc.<\/span><\/li>\n<\/ul>\n<h2 style=\"text-align: justify;\"><span style=\"font-weight: 400;\">\ud83d\ude41\ud83d\ude16<\/span><b>Mati\u00e8res non compostables !<\/b><\/h2>\n<ul>\n<li style=\"font-weight: 400; text-align: justify;\" aria-level=\"1\"><span style=\"font-weight: 400;\">Huiles et graisses alimentaires,<\/span><\/li>\n<li style=\"font-weight: 400; text-align: justify;\" aria-level=\"1\"><span style=\"font-weight: 400;\">Bois de menuiserie et bois trait\u00e9<\/span><\/li>\n<li style=\"font-weight: 400; text-align: justify;\" aria-level=\"1\"><span style=\"font-weight: 400;\">Poussi\u00e8res d&rsquo;aspirateur<\/span><\/li>\n<li style=\"font-weight: 400; text-align: justify;\" aria-level=\"1\"><span style=\"font-weight: 400;\">Mati\u00e8res synth\u00e9tiques<\/span><\/li>\n<li style=\"font-weight: 400; text-align: justify;\" aria-level=\"1\"><span style=\"font-weight: 400;\">Journaux avec couleurs, p\u00e9riodiques illustr\u00e9s<\/span><\/li>\n<li style=\"font-weight: 400; text-align: justify;\" aria-level=\"1\"><span style=\"font-weight: 400;\">Liti\u00e8res de chats en argile<\/span><\/li>\n<li style=\"font-weight: 400; text-align: justify;\" aria-level=\"1\"><span style=\"font-weight: 400;\">Terre et sable (sauf en petites quantit\u00e9s)<\/span><\/li>\n<li style=\"font-weight: 400; text-align: justify;\" aria-level=\"1\"><span style=\"font-weight: 400;\">Chiffons et textiles<\/span><\/li>\n<li style=\"font-weight: 400; text-align: justify;\" aria-level=\"1\"><span style=\"font-weight: 400;\">Liti\u00e8res et excr\u00e9ments de chats et chiens.\u00a0\u00a0<\/span><\/li>\n<li style=\"font-weight: 400; text-align: justify;\" aria-level=\"1\"><span style=\"font-weight: 400;\">Le pain, les restes de table (Toutefois, ces d\u00e9chets peuvent \u00eatre d\u00e9pos\u00e9s dans le bac \u201c<\/span><span style=\"font-weight: 400;\">Pour nos poules<\/span><span style=\"font-weight: 400;\">\u201d qui se feront un repas de f\u00eate gr\u00e2ce \u00e0 vous.\u00a0<\/span><\/li>\n<\/ul>\n<p>[\/et_pb_text][\/et_pb_column][et_pb_column type=\u00a0\u00bb2_5&Prime; _builder_version=\u00a0\u00bb4.23.2&Prime; _module_preset=\u00a0\u00bbdefault\u00a0\u00bb global_colors_info=\u00a0\u00bb{}\u00a0\u00bb][et_pb_image src=\u00a0\u00bbhttps:\/\/lesjardinspartages.be\/wp-content\/uploads\/2024\/06\/environmental-control-sorting-food-waste-environmental-packages-scaled.jpg\u00a0\u00bb title_text=\u00a0\u00bbenvironmental-control-sorting-food-waste-environmental-packages\u00a0\u00bb _builder_version=\u00a0\u00bb4.25.1&Prime; _module_preset=\u00a0\u00bbdefault\u00a0\u00bb global_colors_info=\u00a0\u00bb{}\u00a0\u00bb][\/et_pb_image][et_pb_image src=\u00a0\u00bbhttps:\/\/lesjardinspartages.be\/wp-content\/uploads\/2024\/06\/7064552.jpg\u00a0\u00bb title_text=\u00a0\u00bb7064552&Prime; _builder_version=\u00a0\u00bb4.25.1&Prime; _module_preset=\u00a0\u00bbdefault\u00a0\u00bb global_colors_info=\u00a0\u00bb{}\u00a0\u00bb][\/et_pb_image][et_pb_image src=\u00a0\u00bbhttps:\/\/lesjardinspartages.be\/wp-content\/uploads\/2024\/06\/composition-compost-made-rotten-vegetables-scaled.jpg\u00a0\u00bb title_text=\u00a0\u00bbcomposition-compost-made-rotten-vegetables\u00a0\u00bb _builder_version=\u00a0\u00bb4.25.1&Prime; _module_preset=\u00a0\u00bbdefault\u00a0\u00bb global_colors_info=\u00a0\u00bb{}\u00a0\u00bb][\/et_pb_image][\/et_pb_column][\/et_pb_row][\/et_pb_section][et_pb_section fb_built=\u00a0\u00bb1&Prime; admin_label=\u00a0\u00bbSubscribe\u00a0\u00bb module_id=\u00a0\u00bbsabonner\u00a0\u00bb _builder_version=\u00a0\u00bb4.25.1&Prime; _module_preset=\u00a0\u00bbdefault\u00a0\u00bb use_background_color_gradient=\u00a0\u00bbon\u00a0\u00bb background_color_gradient_stops=\u00a0\u00bbrgba(255,255,255,0) 70%|gcid-0a70bcaa-1736-40e0-9723-4fb88b8b6694 70%\u00a0\u00bb saved_tabs=\u00a0\u00bball\u00a0\u00bb collapsed=\u00a0\u00bbon\u00a0\u00bb global_colors_info=\u00a0\u00bb{%22gcid-0a70bcaa-1736-40e0-9723-4fb88b8b6694%22:%91%22background_color_gradient_stops%22%93}\u00a0\u00bb][et_pb_row _builder_version=\u00a0\u00bb4.24.2&Prime; _module_preset=\u00a0\u00bbdefault\u00a0\u00bb custom_padding=\u00a0\u00bb||0px||false|false\u00a0\u00bb global_colors_info=\u00a0\u00bb{}\u00a0\u00bb][et_pb_column type=\u00a0\u00bb4_4&Prime; _builder_version=\u00a0\u00bb4.24.2&Prime; _module_preset=\u00a0\u00bbdefault\u00a0\u00bb global_colors_info=\u00a0\u00bb{}\u00a0\u00bb][et_pb_image src=\u00a0\u00bbhttps:\/\/lesjardinspartages.be\/wp-content\/uploads\/2024\/06\/organic-farming-illustrations-02.png\u00a0\u00bb title_text=\u00a0\u00bborganic-farming-illustrations-02&Prime; align=\u00a0\u00bbcenter\u00a0\u00bb _builder_version=\u00a0\u00bb4.24.2&Prime; _module_preset=\u00a0\u00bbdefault\u00a0\u00bb max_width=\u00a0\u00bb760px\u00a0\u00bb module_alignment=\u00a0\u00bbcenter\u00a0\u00bb global_colors_info=\u00a0\u00bb{}\u00a0\u00bb][\/et_pb_image][\/et_pb_column][\/et_pb_row][et_pb_row column_structure=\u00a0\u00bb3_5,2_5&Prime; custom_padding_last_edited=\u00a0\u00bbon|desktop\u00a0\u00bb _builder_version=\u00a0\u00bb4.23.2&Prime; _module_preset=\u00a0\u00bbdefault\u00a0\u00bb background_color=\u00a0\u00bbgcid-cc026ee9-2dfb-4c5b-892b-7f86cd297fec\u00a0\u00bb custom_padding=\u00a0\u00bb60px|60px|60px|60px|true|true\u00a0\u00bb custom_padding_tablet=\u00a0\u00bb30px|30px|30px|30px|true|true\u00a0\u00bb custom_padding_phone=\u00a0\u00bb20px|20px|20px|20px|true|true\u00a0\u00bb global_colors_info=\u00a0\u00bb{%22gcid-cc026ee9-2dfb-4c5b-892b-7f86cd297fec%22:%91%22background_color%22%93}\u00a0\u00bb][et_pb_column type=\u00a0\u00bb3_5&Prime; _builder_version=\u00a0\u00bb4.23.2&Prime; _module_preset=\u00a0\u00bbdefault\u00a0\u00bb global_colors_info=\u00a0\u00bb{}\u00a0\u00bb][et_pb_text _builder_version=\u00a0\u00bb4.25.1&Prime; _module_preset=\u00a0\u00bb3fc0d793-7ba7-492b-af13-f14d16f6f5dd\u00a0\u00bb header_font_size=\u00a0\u00bb6px\u00a0\u00bb header_2_text_color=\u00a0\u00bb#FFFFFF\u00a0\u00bb header_2_font_size=\u00a0\u00bb43px\u00a0\u00bb custom_margin=\u00a0\u00bb||10px||false|false\u00a0\u00bb global_colors_info=\u00a0\u00bb{}\u00a0\u00bb]<\/p>\n<h2>Jardinez avec nous !<\/h2>\n<p>[\/et_pb_text][et_pb_text _builder_version=\u00a0\u00bb4.25.1&Prime; _module_preset=\u00a0\u00bb7c6aada3-27d5-4e72-9a2c-d43cb3317491&Prime; text_text_color=\u00a0\u00bb#FFFFFF\u00a0\u00bb locked=\u00a0\u00bboff\u00a0\u00bb global_colors_info=\u00a0\u00bb{}\u00a0\u00bb]<\/p>\n<p><i><span style=\"font-weight: 400;\">\u201cUn jour, dit la l\u00e9gende, il y eut un immense incendie de for\u00eat.\u00a0<\/span><\/i><\/p>\n<p><i><span style=\"font-weight: 400;\">Tous les animaux terrifi\u00e9s et atterr\u00e9s, observaient impuissants le d\u00e9sastre.<\/span><\/i><\/p>\n<p><i><span style=\"font-weight: 400;\">Seul le petit colibri s\u2019activait, allant chercher quelques gouttes d\u2019eau dans son bec pour les jeter sur le feu.<\/span><\/i><\/p>\n<p><i><span style=\"font-weight: 400;\">Au bout d\u2019un moment, le tatou, agac\u00e9 par ses agissements d\u00e9risoires, lui dit :<\/span><\/i><\/p>\n<p><i><span style=\"font-weight: 400;\">-\u201dColibri, tu n&rsquo;es pas fou ? Tu crois que c\u2019est avec ces quelques gouttes d\u2019eau que tu vas \u00e9teindre le feu ?\u201d<\/span><\/i><\/p>\n<p><i><span style=\"font-weight: 400;\">&#8211; \u201cQu\u2019importe, r\u00e9pondit le colibri \u2026 je fais ma part.\u201d <\/span><\/i><b><i>Pierre Rabhi<\/i><\/b><\/p>\n<p><b><i><\/i><\/b><\/p>\n<h2><span style=\"color: #ffffff;\"><b>SOYONS\u00a0 SOLIDAIRES\u00a0 ET\u00a0 NON\u00a0 SOLITAIRES<\/b><\/span><\/h2>\n<p>[\/et_pb_text][\/et_pb_column][et_pb_column type=\u00a0\u00bb2_5&Prime; _builder_version=\u00a0\u00bb4.23.2&Prime; _module_preset=\u00a0\u00bbdefault\u00a0\u00bb global_colors_info=\u00a0\u00bb{}\u00a0\u00bb][et_pb_signup mailchimp_list=\u00a0\u00bbundefined|elegantthemestest|1ea2bbd026&Prime; first_name_field=\u00a0\u00bboff\u00a0\u00bb last_name_field=\u00a0\u00bboff\u00a0\u00bb button_text=\u00a0\u00bbS&rsquo;abonner\u00a0\u00bb _builder_version=\u00a0\u00bb4.25.1&Prime; _module_preset=\u00a0\u00bbad05d384-49d3-43f9-a066-938a5ec886b2&Prime; locked=\u00a0\u00bboff\u00a0\u00bb global_colors_info=\u00a0\u00bb{}\u00a0\u00bb][\/et_pb_signup][\/et_pb_column][\/et_pb_row][\/et_pb_section][et_pb_section fb_built=\u00a0\u00bb1&Prime; admin_label=\u00a0\u00bbFooter\u00a0\u00bb _builder_version=\u00a0\u00bb4.24.2&Prime; _module_preset=\u00a0\u00bbdefault\u00a0\u00bb background_color=\u00a0\u00bbgcid-0a70bcaa-1736-40e0-9723-4fb88b8b6694&Prime; saved_tabs=\u00a0\u00bball\u00a0\u00bb collapsed=\u00a0\u00bbon\u00a0\u00bb global_colors_info=\u00a0\u00bb{%22gcid-0a70bcaa-1736-40e0-9723-4fb88b8b6694%22:%91%22background_color%22%93}\u00a0\u00bb][et_pb_row _builder_version=\u00a0\u00bb4.25.1&Prime; _module_preset=\u00a0\u00bbdefault\u00a0\u00bb module_alignment=\u00a0\u00bbcenter\u00a0\u00bb global_colors_info=\u00a0\u00bb{}\u00a0\u00bb][et_pb_column type=\u00a0\u00bb4_4&Prime; _builder_version=\u00a0\u00bb4.23.2&Prime; _module_preset=\u00a0\u00bbdefault\u00a0\u00bb global_colors_info=\u00a0\u00bb{}\u00a0\u00bb][et_pb_text _builder_version=\u00a0\u00bb4.25.1&Prime; _module_preset=\u00a0\u00bbe63d5bc9-71bc-4360-9239-a14446064b51&Prime; header_4_text_color=\u00a0\u00bb#FFFFFF\u00a0\u00bb custom_margin=\u00a0\u00bb||0px||false|false\u00a0\u00bb global_colors_info=\u00a0\u00bb{}\u00a0\u00bb]<\/p>\n<h4 style=\"text-align: center;\">Ce jardin extraordinaire se situe \u00e0 la rue Defuisseaux \u00e0 7333 TERTRE.<br \/>Il est accessible facilement depuis la servitude de passage menant \u00e0 l\u2019\u00e9cole Saint-Joseph au num\u00e9ro 44 de la m\u00eame rue.<\/h4>\n<p>[\/et_pb_text][et_pb_social_media_follow use_icon_font_size=\u00a0\u00bbon\u00a0\u00bb icon_font_size=\u00a0\u00bb30px\u00a0\u00bb _builder_version=\u00a0\u00bb4.25.1&Prime; _module_preset=\u00a0\u00bbdefault\u00a0\u00bb custom_margin=\u00a0\u00bb|-8px||-8px|false|true\u00a0\u00bb global_colors_info=\u00a0\u00bb{}\u00a0\u00bb][et_pb_social_media_follow_network social_network=\u00a0\u00bbfacebook\u00a0\u00bb url=\u00a0\u00bbhttps:\/\/www.facebook.com\/profile.php?id=61560948508515&Prime; _builder_version=\u00a0\u00bb4.25.1&Prime; _module_preset=\u00a0\u00bbdefault\u00a0\u00bb global_colors_info=\u00a0\u00bb{}\u00a0\u00bb follow_button=\u00a0\u00bboff\u00a0\u00bb url_new_window=\u00a0\u00bbon\u00a0\u00bb]facebook[\/et_pb_social_media_follow_network][\/et_pb_social_media_follow][\/et_pb_column][\/et_pb_row][\/et_pb_section]<\/p>\n","protected":false},"excerpt":{"rendered":"<p>Les Jardins Partag\u00e9sLe site de notre Eco-lieu au centre de TertreBienvenue,Les Jardins Partag\u00e9s, l\u2019\u00e9co-centre au c\u0153ur de la ville Tertre. Un v\u00e9ritable havre de paix et de d\u00e9tente ouvert au public et accessible \u00e0 tous. Venez nous rendre visite et profiter de loisirs gravitant autour de la nature, de l&rsquo;\u00e9cologie et de la biodiversit\u00e9.Les Jardins [&hellip;]<\/p>\n","protected":false},"author":1,"featured_media":0,"parent":0,"menu_order":0,"comment_status":"closed","ping_status":"closed","template":"","meta":{"_et_pb_use_builder":"on","_et_pb_old_content":"<!-- wp:paragraph -->\n<p>This is an example page. It's different from a blog post because it will stay in one place and will show up in your site navigation (in most themes). Most people start with an About page that introduces them to potential site visitors. It might say something like this:<\/p>\n<!-- \/wp:paragraph -->\n\n<!-- wp:quote -->\n<blockquote class=\"wp-block-quote\"><p>Hi there! I'm a bike messenger by day, aspiring actor by night, and this is my website. I live in Los Angeles, have a great dog named Jack, and I like pi&#241;a coladas. (And gettin' caught in the rain.)<\/p><\/blockquote>\n<!-- \/wp:quote -->\n\n<!-- wp:paragraph -->\n<p>...or something like this:<\/p>\n<!-- \/wp:paragraph -->\n\n<!-- wp:quote -->\n<blockquote class=\"wp-block-quote\"><p>The XYZ Doohickey Company was founded in 1971, and has been providing quality doohickeys to the public ever since. Located in Gotham City, XYZ employs over 2,000 people and does all kinds of awesome things for the Gotham community.<\/p><\/blockquote>\n<!-- \/wp:quote -->\n\n<!-- wp:paragraph -->\n<p>As a new WordPress user, you should go to <a href=\"https:\/\/lesjardinspartages.be\/wp-admin\/\">your dashboard<\/a> to delete this page and create new pages for your content. Have fun!<\/p>\n<!-- \/wp:paragraph -->","_et_gb_content_width":"","footnotes":""},"class_list":["post-2","page","type-page","status-publish","hentry"],"yoast_head":"<!-- This site is optimized with the Yoast SEO plugin v27.5 - https:\/\/yoast.com\/product\/yoast-seo-wordpress\/ -->\n<title>Accueil - Les Jardins Partag\u00e9s<\/title>\n<meta name=\"robots\" content=\"noindex, follow, max-snippet:-1, max-image-preview:large, max-video-preview:-1\" \/>\n<meta property=\"og:locale\" content=\"fr_FR\" \/>\n<meta property=\"og:type\" content=\"article\" \/>\n<meta property=\"og:title\" content=\"Accueil - Les Jardins Partag\u00e9s\" \/>\n<meta property=\"og:description\" content=\"Les Jardins Partag\u00e9sLe site de notre Eco-lieu au centre de TertreBienvenue,Les Jardins Partag\u00e9s, l\u2019\u00e9co-centre au c\u0153ur de la ville Tertre. Un v\u00e9ritable havre de paix et de d\u00e9tente ouvert au public et accessible \u00e0 tous. Venez nous rendre visite et profiter de loisirs gravitant autour de la nature, de l&#039;\u00e9cologie et de la biodiversit\u00e9.Les Jardins [&hellip;]\" \/>\n<meta property=\"og:url\" content=\"https:\/\/lesjardinspartages.be\/\" \/>\n<meta property=\"og:site_name\" content=\"Les Jardins Partag\u00e9s\" \/>\n<meta property=\"article:modified_time\" content=\"2024-06-11T20:45:38+00:00\" \/>\n<meta name=\"twitter:card\" content=\"summary_large_image\" \/>\n<meta name=\"twitter:label1\" content=\"Dur\u00e9e de lecture estim\u00e9e\" \/>\n\t<meta name=\"twitter:data1\" content=\"7 minutes\" \/>\n<script type=\"application\/ld+json\" class=\"yoast-schema-graph\">{\"@context\":\"https:\\\/\\\/schema.org\",\"@graph\":[{\"@type\":\"WebPage\",\"@id\":\"https:\\\/\\\/lesjardinspartages.be\\\/\",\"url\":\"https:\\\/\\\/lesjardinspartages.be\\\/\",\"name\":\"Accueil - Les Jardins Partag\u00e9s\",\"isPartOf\":{\"@id\":\"https:\\\/\\\/lesjardinspartages.be\\\/#website\"},\"datePublished\":\"2024-06-03T21:09:14+00:00\",\"dateModified\":\"2024-06-11T20:45:38+00:00\",\"breadcrumb\":{\"@id\":\"https:\\\/\\\/lesjardinspartages.be\\\/#breadcrumb\"},\"inLanguage\":\"fr-FR\",\"potentialAction\":[{\"@type\":\"ReadAction\",\"target\":[\"https:\\\/\\\/lesjardinspartages.be\\\/\"]}]},{\"@type\":\"BreadcrumbList\",\"@id\":\"https:\\\/\\\/lesjardinspartages.be\\\/#breadcrumb\",\"itemListElement\":[{\"@type\":\"ListItem\",\"position\":1,\"name\":\"Accueil\",\"item\":\"https:\\\/\\\/lesjardinspartages.be\\\/\"},{\"@type\":\"ListItem\",\"position\":2,\"name\":\"Accueil\"}]},{\"@type\":\"WebSite\",\"@id\":\"https:\\\/\\\/lesjardinspartages.be\\\/#website\",\"url\":\"https:\\\/\\\/lesjardinspartages.be\\\/\",\"name\":\"Les Jardins Partag\u00e9s\",\"description\":\"Le site de notre Eco-lieu au centre de Tertre\",\"potentialAction\":[{\"@type\":\"SearchAction\",\"target\":{\"@type\":\"EntryPoint\",\"urlTemplate\":\"https:\\\/\\\/lesjardinspartages.be\\\/?s={search_term_string}\"},\"query-input\":{\"@type\":\"PropertyValueSpecification\",\"valueRequired\":true,\"valueName\":\"search_term_string\"}}],\"inLanguage\":\"fr-FR\"}]}<\/script>\n<!-- \/ Yoast SEO plugin. -->","yoast_head_json":{"title":"Accueil - Les Jardins Partag\u00e9s","robots":{"index":"noindex","follow":"follow","max-snippet":"max-snippet:-1","max-image-preview":"max-image-preview:large","max-video-preview":"max-video-preview:-1"},"og_locale":"fr_FR","og_type":"article","og_title":"Accueil - Les Jardins Partag\u00e9s","og_description":"Les Jardins Partag\u00e9sLe site de notre Eco-lieu au centre de TertreBienvenue,Les Jardins Partag\u00e9s, l\u2019\u00e9co-centre au c\u0153ur de la ville Tertre. Un v\u00e9ritable havre de paix et de d\u00e9tente ouvert au public et accessible \u00e0 tous. Venez nous rendre visite et profiter de loisirs gravitant autour de la nature, de l'\u00e9cologie et de la biodiversit\u00e9.Les Jardins [&hellip;]","og_url":"https:\/\/lesjardinspartages.be\/","og_site_name":"Les Jardins Partag\u00e9s","article_modified_time":"2024-06-11T20:45:38+00:00","twitter_card":"summary_large_image","twitter_misc":{"Dur\u00e9e de lecture estim\u00e9e":"7 minutes"},"schema":{"@context":"https:\/\/schema.org","@graph":[{"@type":"WebPage","@id":"https:\/\/lesjardinspartages.be\/","url":"https:\/\/lesjardinspartages.be\/","name":"Accueil - Les Jardins Partag\u00e9s","isPartOf":{"@id":"https:\/\/lesjardinspartages.be\/#website"},"datePublished":"2024-06-03T21:09:14+00:00","dateModified":"2024-06-11T20:45:38+00:00","breadcrumb":{"@id":"https:\/\/lesjardinspartages.be\/#breadcrumb"},"inLanguage":"fr-FR","potentialAction":[{"@type":"ReadAction","target":["https:\/\/lesjardinspartages.be\/"]}]},{"@type":"BreadcrumbList","@id":"https:\/\/lesjardinspartages.be\/#breadcrumb","itemListElement":[{"@type":"ListItem","position":1,"name":"Accueil","item":"https:\/\/lesjardinspartages.be\/"},{"@type":"ListItem","position":2,"name":"Accueil"}]},{"@type":"WebSite","@id":"https:\/\/lesjardinspartages.be\/#website","url":"https:\/\/lesjardinspartages.be\/","name":"Les Jardins Partag\u00e9s","description":"Le site de notre Eco-lieu au centre de Tertre","potentialAction":[{"@type":"SearchAction","target":{"@type":"EntryPoint","urlTemplate":"https:\/\/lesjardinspartages.be\/?s={search_term_string}"},"query-input":{"@type":"PropertyValueSpecification","valueRequired":true,"valueName":"search_term_string"}}],"inLanguage":"fr-FR"}]}},"_links":{"self":[{"href":"https:\/\/lesjardinspartages.be\/index.php?rest_route=\/wp\/v2\/pages\/2","targetHints":{"allow":["GET"]}}],"collection":[{"href":"https:\/\/lesjardinspartages.be\/index.php?rest_route=\/wp\/v2\/pages"}],"about":[{"href":"https:\/\/lesjardinspartages.be\/index.php?rest_route=\/wp\/v2\/types\/page"}],"author":[{"embeddable":true,"href":"https:\/\/lesjardinspartages.be\/index.php?rest_route=\/wp\/v2\/users\/1"}],"replies":[{"embeddable":true,"href":"https:\/\/lesjardinspartages.be\/index.php?rest_route=%2Fwp%2Fv2%2Fcomments&post=2"}],"version-history":[{"count":26,"href":"https:\/\/lesjardinspartages.be\/index.php?rest_route=\/wp\/v2\/pages\/2\/revisions"}],"predecessor-version":[{"id":122,"href":"https:\/\/lesjardinspartages.be\/index.php?rest_route=\/wp\/v2\/pages\/2\/revisions\/122"}],"wp:attachment":[{"href":"https:\/\/lesjardinspartages.be\/index.php?rest_route=%2Fwp%2Fv2%2Fmedia&parent=2"}],"curies":[{"name":"wp","href":"https:\/\/api.w.org\/{rel}","templated":true}]}}